{"version":"1.0","provider_name":"L\u00e9lekmozaikok","provider_url":"https:\/\/lelekmozaikok.cafeblog.hu","author_name":"dr.H\u00f6r\u00f6mp\u0151 Andrea","author_url":"https:\/\/lelekmozaikok.cafeblog.hu\/author\/dr-horompogmail-com\/","title":"L\u00e1z\u00e1lom \u00e9bren","html":"<p style=\"text-align: justify\"><strong>Olvasni, \u00edrni \u00e9s medit\u00e1lni\u2026 Ebb\u0151l a h\u00e1romb\u00f3l kett\u0151 \u00f6sszej\u00f6tt. Az \u00edr\u00e1s nem. Pedig azt hittem, most majd mindent le\u00edrok, amire az elm\u00falt hetekben nem volt id\u0151m\u2026 De nem ment. Elfogytak a szavaim, \u00e9s nem akartam m\u00e1st, csak lenni. Semmi n\u00e9lk\u00fcl, szavak n\u00e9lk\u00fcl\u2026 Csak voltam\u2026 Ami eddig nekem nehezen ment\u2026<\/strong><!--more--><\/p>\r\n<p style=\"text-align: justify\"><a href=\"https:\/\/lelekmozaikok.cafeblog.hu\/files\/2016\/02\/lucid-dreams.jpg\"><img class=\"aligncenter size-full wp-image-3968\" src=\"https:\/\/lelekmozaikok.cafeblog.hu\/files\/2016\/02\/lucid-dreams.jpg\" alt=\"lucid-dreams\" width=\"532\" height=\"355\" \/><\/a><\/p>\r\n<p style=\"text-align: justify\">\u00d6sszefolyik a jelen \u00e9s a m\u00falt, az \u00e1lom \u00e9s az \u00e9bred\u00e9s, Te \u00e9s \u00e9n\u2026 Hull\u00e1mvas\u00fat\u2026 Ism\u00e9t\u2026 Fel\u00fcltem\u2026 J\u00f6tt a fenn \u00e9s j\u00f6tt a lenn\u2026 F\u00e9lelem, f\u00e1jdalom, elenged\u00e9s, remeg\u00e9s, sz\u00edvcsakra megny\u00edl\u00e1s, intenzit\u00e1s, nyugalom, lebeg\u00e9s, b\u00e9ke\u2026 M\u00e9lys\u00e9ges b\u00e9ke \u00e9s lebeg\u00e9s, olyan, ami csak ritk\u00e1n eddig. \u0150r\u00fclt tisztul\u00e1s\u2026 Hi\u00e1ny n\u00e9lk\u00fcli teljess\u00e9g, ahogy a teraszon \u00e1llva hajamba kap a simogat\u00f3 sz\u00e9l\u2026 N\u00e9zem a madarakat a szemk\u00f6zti f\u00e1kon, ahogy kergetik egym\u00e1st. Nyugalom a k\u00fclvil\u00e1gban \u2013 nyugalom bennem. Azut\u00e1n ism\u00e9t hull\u00e1mvas\u00fat\u2026<\/p>\r\n<p style=\"text-align: justify\"><em><strong>Mintha felgyorsult volna az id\u0151\u2026 Nem, nincs is id\u0151\u2026 Tapasztalom az id\u0151 relativit\u00e1s\u00e1t. Ritk\u00e1n n\u00e9zem az \u00f3r\u00e1t, hiszen nincs is sz\u00fcks\u00e9g r\u00e1. Nem kell rohanni sehov\u00e1, csak az id\u0151tlens\u00e9g van jelen, ami szabads\u00e1got ad. M\u00e9gis, mintha gyors\u00edtva \u00e9ln\u00e9m \u00e1t a dolgokat\u2026 Ami m\u00e1snak h\u00f3napok, vagy \u00e9vek, nekem most n\u00e9h\u00e1ny h\u00e9t\u2026 Ami m\u00e1snak t\u00f6bb h\u00e9t, nekem n\u00e9h\u00e1ny nap\u2026 Tudom, hogy az \u00e9n v\u00e1laszt\u00e1som, m\u00e9gis ez az \u0151r\u00fclt intenzit\u00e1s fel\u0151rli a testet\u2026<\/strong><\/em><\/p>\r\n<p style=\"text-align: justify\">Olvas\u00e1s \u00e9s nyugalom\u2026 Meg\u00e9rt\u00e9s\u2026 \u00daristen mennyi meg\u00e9rt\u00e9s\u2026 Ezt a k\u00f6nyvet r\u00f3lam \u00edrt\u00e1k? Az utols\u00f3 oldalakat, az utols\u00f3 mondatokat, csak j\u00f6n valami m\u00e9ly felismer\u00e9s a m\u00faltr\u00f3l \u00e9s pont ker\u00fcl a mondat v\u00e9g\u00e9re. M\u00falt h\u00e9ten elengedtem, ezen a h\u00e9ten meg\u00e9rtettem. K\u00e9rlek, ha \u0151r\u00fclten akarod a meg\u00e9rt\u00e9st, hidd el nekem, meg\u00e9rted, ha elengeded! M\u0171k\u00f6dik, mindig m\u0171k\u00f6dik!<\/p>\r\n<p style=\"text-align: justify\"><strong>Majd \u00fajabb mondat, ami \u00faj fejezetet nyit\u2026 <em>\u201eHiszel bennem annyira\u2026.??? Amikor majd \u0151szint\u00e9n le mered \u00edrni.\u201d<\/em> Nincs t\u00f6bb kapaszkod\u00f3, elvesz\u00edtem az \u00f6sszes korl\u00e1tot. Csak az \u00e9rz\u00e9seim, a bels\u0151 hangom \u00e9s az intu\u00edci\u00f3m marad. Zuhanok\u2026 \u00d6nmagamba... \u00daj kapuk ny\u00edlnak\u2026 Felszabadul\u00e1s\u2026 Alv\u00e1s, rengeteg alv\u00e1s\u2026 Sz\u00e9l\u2026 Kint tombol a viharos sz\u00e9l. V\u00e1ltoz\u00f3 az id\u0151j\u00e1r\u00e1s, ahogy v\u00e1ltozik a lelkem is pillanatr\u00f3l pillanatra\u2026<\/strong><\/p>\r\n<p style=\"text-align: justify\">Mintha ezalatt a p\u00e1r nap alatt \u00e9ln\u00e9k meg mindent\u2026 J\u00f3t \u00e9s rosszat egyszerre, a sk\u00e1la minden spektrum\u00e1t a legm\u00e9lyebbt\u0151l a legmagasabbig. Bennem van minden, \u00e9s \u00e9n hol erre, hol arra l\u00e9pdelek. Az egys\u00e9ghez meg kell sz\u0171nnie a k\u00e9ts\u00e9gnek\u2026 Fel kell hogy old\u00f3djon az ego, \u00e9s amikor m\u00e1r azt hiszem, siker\u00fclt, visszar\u00e1nt. \u00d6r\u00fcln\u00f6m kellene \u00e9s \u00e9n m\u00e9gis megijedtem\u2026 Lehet-e t\u00fal nagy a boldogs\u00e1g? K\u00e9s\u0151bb \u0151r\u00fclten verem a fejem a falba\u2026 Nem vagyok norm\u00e1lis\u2026 De ki mondta, hogy annak kell lennem?<\/p>\r\n<p style=\"text-align: justify\"><em><strong>Mintha \u00e1lmodn\u00e9k\u2026 Nem is velem t\u00f6rt\u00e9nik ez az eg\u00e9sz\u2026 T\u00e1volodom mindent\u0151l, ami ismert \u00e9s megszokott\u2026 Nem v\u00e1gyok m\u00e1sra csak a Csendre\u2026 De Te vagy a Csendem\u2026 \u00c9s ahogy ezt most \u00edrom, r\u00e1\u00e9bredek, hogy itt van a Csend bennem, mert Te \u00e9s \u00e9n Egyek vagyunk\u2026 K\u00f6sz\u00f6n\u00f6k mindent... \u00c9s ekkor... Fel\u00e9bredek\u2026 <br \/><\/strong><\/em><\/p>\r\n<p style=\"text-align: justify\"><strong>Szerz\u0151: \u00c1brah\u00e1m-H\u00f6r\u00f6mp\u0151 Andrea \u2013 L\u00e9lekmozaikok<\/strong><\/p>\r\n<p style=\"text-align: justify\">A kapcsolatokr\u00f3l, elfogad\u00e1sr\u00f3l, elenged\u00e9sr\u0151l, a neh\u00e9zs\u00e9gek meg\u00e9l\u00e9s\u00e9r\u0151l sz\u00f3l\u00f3<strong> A tal\u00e1lkoz\u00e1s, ami elrendeltetett <\/strong>c\u00edm\u0171 k\u00f6nyvemet megrendelheted itt:<strong> <a href=\"http:\/\/goo.gl\/forms\/D3CQ99YCvC\" target=\"_blank\">Megrendel\u00e9s<\/a><\/strong><\/p>\r\n<p style=\"text-align: justify\">Ha szeretn\u00e9l m\u00e9lyebb \u00f6nismeretet \u00e9s felismer\u00e9seket a saj\u00e1t \u00e9leted vonatkoz\u00e1s\u00e1ban, szeretettel aj\u00e1nlom, a <strong>L\u00e9lekmozaikok<\/strong> c\u00edm\u0171 k\u00f6nyvemet. Megrendelhet\u0151 itt: <strong><a href=\"http:\/\/goo.gl\/forms\/cUJfxfyrkT\">L\u00e9lekmozaikok k\u00f6nyvrendel\u00e9s <\/a><\/strong><\/p>\r\n<p style=\"text-align: justify\"><strong>Jelentkez\u00e9s Elenged\u00e9s workshopra: <a href=\"http:\/\/goo.gl\/forms\/pKtnV6FRXE\" target=\"_blank\">Elenged\u00e9s<\/a><\/strong><\/p>\r\n<p style=\"text-align: justify\"><strong>Keresd a lelkedhez sz\u00f3l\u00f3 napi gondolatokat a\u00a0<\/strong><a href=\"https:\/\/www.facebook.com\/Lelekmozaikok\"><strong>L\u00e9lekmozaikok Facebook oldal\u00e1n<\/strong><\/a><strong>\u00a0is.<\/strong><\/p>","type":"rich","thumbnail_url":"https:\/\/lelekmozaikok.cafeblog.hu\/files\/2016\/02\/lucid-dreams-150x150.jpg","thumbnail_width":150,"thumbnail_height":150}