{"version":"1.0","provider_name":"L\u00e9lekmozaikok","provider_url":"https:\/\/lelekmozaikok.cafeblog.hu","author_name":"dr.H\u00f6r\u00f6mp\u0151 Andrea","author_url":"https:\/\/lelekmozaikok.cafeblog.hu\/author\/dr-horompogmail-com\/","title":"Kopogtat\u00e1sok","html":"<p style=\"text-align: justify\"><em><strong>Kopogtatok. \u00c1llok az ajt\u00f3d el\u0151tt, nyitott sz\u00edvvel, elv\u00e1r\u00e1sok, k\u00e9ts\u00e9gek \u00e9s gondolatok n\u00e9lk\u00fcl, \u00e9s v\u00e1rom, vajon beengedsz-e. Csak halkan z\u00f6rgetek, tal\u00e1n t\u00fal \u00f3vatosan. Nem hallod.\u00a0Nem hallod, mert t\u00fal nagy a vil\u00e1g zaja k\u00f6r\u00fcl\u00f6tted. Nem hallod, mert m\u00e1sok t\u00falkiab\u00e1lnak, \u00e9s \u00e9n am\u00fagy sem vagyok az a kiab\u00e1l\u00f3s fajta. Nem hallod, mert az \u00e9leted hull\u00e1mvas\u00fatja oly hangosan d\u00fcb\u00f6r\u00f6g, hogy az \u00e9n b\u00e1tortalan kopogtat\u00e1som elhal a zajok k\u00f6z\u00f6tt. Tudom\u00e1sul veszem \u00e9s szomor\u00faan els\u00e9t\u00e1lok.<\/strong> <\/em><!--more--><\/p>\r\n<p style=\"text-align: justify\"><a href=\"https:\/\/lelekmozaikok.cafeblog.hu\/files\/2015\/12\/door-closed.jpg\"><img class=\"aligncenter size-full wp-image-3838\" src=\"https:\/\/lelekmozaikok.cafeblog.hu\/files\/2015\/12\/door-closed.jpg\" alt=\"door closed\" width=\"500\" height=\"500\" \/><\/a><\/p>\r\n<p style=\"text-align: justify\"><em>Eltelik n\u00e9h\u00e1ny h\u00e9t vagy h\u00f3nap, magam sem tudom m\u00e1r. Az \u00e9n \u00e9letem is a folyamatos v\u00e1ltoz\u00e1s, az egyre t\u00f6bb lehet\u0151s\u00e9gek \u00e9s az egyre nagyobb kiteljesed\u00e9s var\u00e1zslat\u00e1ban \u00e9l. Eszembe jutsz, \u00e9s ism\u00e9t els\u00e9t\u00e1lok fel\u00e9d. M\u00e1r nem az a b\u00e1tortalan, f\u00e9l\u00e9nk hat\u00e1rozatlans\u00e1g \u00e9l bennem, mint kor\u00e1bban. <\/em><\/p>\r\n<p style=\"text-align: justify\"><em>Am\u00edg kor\u00e1bban az\u00e9rt kerestelek, mert t\u0151led v\u00e1rtam valamit, amit magamban nem leltem meg, most m\u00e1r t\u00e9nyleg nincsenek elv\u00e1r\u00e1saim fel\u00e9d. Tudom, tudom\u2026 Mintha a m\u00faltkor is ezt mondtam volna, ut\u00f3lag azonban r\u00e1j\u00f6ttem, mi is mozgatott val\u00f3j\u00e1ban. Kicsinek \u00e9reztem magam, tehetetlennek, er\u0151tlennek \u00e9s \u00f6sszet\u00f6rtnek. T\u00e9ged pedig nagynak, er\u0151snek \u00e9s csod\u00e1latosnak l\u00e1ttalak. Adj az er\u0151db\u0151l, hogy \u00e9n is er\u0151s legyek \u2013 gondoltam akkor. Nem siker\u00fclt. Nem siker\u00fclhetett.<\/em><\/p>\r\n<p style=\"text-align: justify\"><em>Most csak az van bennem: j\u00f3 \u00e9rz\u00e9s, amikor az eszembe jutsz. Hah\u00f3, mi van veled? \u2013 \u00e9l a fejemben a k\u00e9rd\u00e9s, am\u00edg az ajt\u00f3d el\u0151tt \u00e1llok. Most m\u00e1r hat\u00e1rozottabb a kopog\u00e1som. Nem gyenge, de nem is t\u00fal er\u0151s. Nem b\u00e1tortalan, de nem is tolakod\u00f3. <\/em><\/p>\r\n<p style=\"text-align: justify\"><img class=\"aligncenter size-full wp-image-3795\" src=\"https:\/\/lelekmozaikok.cafeblog.hu\/files\/2015\/12\/opendoor.jpg\" alt=\"opendoor\" width=\"507\" height=\"338\" \/><\/p>\r\n<p style=\"text-align: justify\"><strong><em>Tudom, ha meg akarsz hallani, \u00fagyis meg fogsz, hiszen val\u00f3j\u00e1ban nem is a fizikai kopogtat\u00e1s az, amit \u00e9szreveszel. Tudom, hogy nem a f\u00fcleddel hallasz, hanem a sz\u00edveddel. Azzal a bels\u0151 hanggal, amely a lelk\u00fcnk m\u00e9ly\u00e9n \u00e9l, jobban \u00e9rz\u00e9kelj\u00fck egym\u00e1st. \u00c9s a bels\u0151 hang azt s\u00fagta, kopogtassak ism\u00e9t, mert nem sz\u00e1m\u00edt, mi t\u00f6rt\u00e9nt kor\u00e1bban, nem tudhatom, hogy most mi lesz.<\/em><\/strong><\/p>\r\n<p style=\"text-align: justify\"><em>Az ajt\u00f3 ism\u00e9t z\u00e1rva marad, de m\u00e1r nem \u00e9rzek szomor\u00fas\u00e1got vagy f\u00e1jdalmat. Nem \u00e9rzek keser\u0171s\u00e9get, haragot \u00e9s b\u0171ntudatot sem. Tudom, hogy a z\u00e1rt ajt\u00f3k nem r\u00f3lam, sokkal ink\u00e1bb r\u00f3lad sz\u00f3lnak. Elfogadom \u00e9s tov\u00e1bbl\u00e9pek, \u00e9lem az \u00e9letem \u2013 teljess\u00e9gben, boldogs\u00e1gban \u00e9s szeretetben. <\/em><\/p>\r\n<p style=\"text-align: justify\"><em>Tal\u00e1n otthagyok egy pap\u00edrdarabot, amire fel\u00edrom: itt j\u00e1rtam \u00e9s gondoltam r\u00e1d. Ha \u00fagy \u00e9rzed, gyere, az \u00e9n ajt\u00f3m nyitva \u00e1ll. Nem kell j\u00f6nn\u00f6d, de ha kedved tartja, \u00f6r\u00f6mmel l\u00e1tlak. Nem az\u00e9rt, mert b\u00e1rmit is akarok t\u0151led, vagy te b\u00e1rmit is akarn\u00e1l t\u0151lem. Hanem csak \u00fagy, okok n\u00e9lk\u00fcl, egyszer\u0171en az\u00e9rt, mert j\u00f3; csak egy lehet\u0151s\u00e9g, ami mindkett\u0151nk \u00e9let\u00e9be \u00f6r\u00f6met hoz.<\/em><\/p>\r\n<p style=\"text-align: justify\"><em>Telnek a napok, a hetek, a h\u00f3napok, \u00e9s az ajt\u00f3d al\u00e1 cs\u00fasztatott pap\u00edrdarab eml\u00e9ke m\u00e1r r\u00e9g a feled\u00e9s hom\u00e1ly\u00e1ba v\u00e9sz. Egy reggel, amikor fel\u00e9bredek, elt\u00f6lt az \u00faj nap ir\u00e1nt \u00e9rzett izgatotts\u00e1g var\u00e1zsa. <\/em><\/p>\r\n<p style=\"text-align: justify\"><em><strong>\u201eUniverzum, mutass ma valami csod\u00e1latosat nekem!\u201d \u2013 k\u00e9rem az \u00c9gieket.<\/strong> <\/em><\/p>\r\n<p style=\"text-align: justify\"><em>P\u00e1r perc sem telik el. Kopogtatnak. Te pedig ott \u00e1llsz az ajt\u00f3m el\u0151tt, \u00e9s mosolyunk beragyogja az eget.<\/em><\/p>\r\n<p style=\"text-align: justify\"><strong>R\u00e9szlet <em>A tal\u00e1lkoz\u00e1s, ami elrendeltetett<\/em> c\u00edm\u0171 k\u00f6nyvemb\u0151l. Megrendelheted itt:<\/strong> <strong><a href=\"http:\/\/goo.gl\/forms\/D3CQ99YCvC\" target=\"_blank\">A tal\u00e1lkoz\u00e1s, ami elrendeltetett<\/a><\/strong><\/p>\r\n<p style=\"text-align: justify\"><strong>Szerz\u0151: \u00c1brah\u00e1m-H\u00f6r\u00f6mp\u0151 Andrea \u2013 L\u00e9lekmozaikok<\/strong><\/p>\r\n<p style=\"text-align: justify\">Ha szeretn\u00e9l m\u00e9lyebb \u00f6nismeretet \u00e9s felismer\u00e9seket a saj\u00e1t \u00e9leted vonatkoz\u00e1s\u00e1ban, szeretettel aj\u00e1nlom, a <strong>L\u00e9lekmozaikok<\/strong> c\u00edm\u0171 k\u00f6nyvemet. Megrendelhet\u0151 itt: <strong><a href=\"http:\/\/goo.gl\/forms\/cUJfxfyrkT\">L\u00e9lekmozaikok k\u00f6nyvrendel\u00e9s <\/a><\/strong><\/p>\r\n<p style=\"text-align: justify\"><strong>Keresd a lelkedhez sz\u00f3l\u00f3 napi gondolatokat a\u00a0<\/strong><a href=\"https:\/\/www.facebook.com\/Lelekmozaikok\"><strong>L\u00e9lekmozaikok Facebook oldal\u00e1n<\/strong><\/a><strong>\u00a0is.<\/strong><\/p>","type":"rich","thumbnail_url":"https:\/\/lelekmozaikok.cafeblog.hu\/files\/2015\/12\/door-closed-150x150.jpg","thumbnail_width":150,"thumbnail_height":150}