{"version":"1.0","provider_name":"L\u00e9lekmozaikok","provider_url":"https:\/\/lelekmozaikok.cafeblog.hu","author_name":"dr.H\u00f6r\u00f6mp\u0151 Andrea","author_url":"https:\/\/lelekmozaikok.cafeblog.hu\/author\/dr-horompogmail-com\/","title":"Bel\u00e9m k\u00f6lt\u00f6zt\u00e9l\u2026","html":"<p style=\"text-align: justify\"><strong><em>Bel\u00e9m k\u00f6lt\u00f6zt\u00e9l\u2026 hetekre \u00e9s h\u00f3napokra\u2026 olyan m\u00e9lyen, hogy szinte eggy\u00e9 v\u00e1ltunk. Nem voltak hat\u00e1rok\u2026 Te \u00e9s \u00e9n olyan szimbi\u00f3zisban \u00e9lt\u00fcnk, ami elfeledtette velem, ki is vagyok val\u00f3j\u00e1ban. Akartam. \u00c9s annyira j\u00f3 volt! De benned \u00e9n megsz\u0171ntem l\u00e9tezni. \u00c9s mi\u00f3ta \"nem vagy\", kiny\u00edlt a vil\u00e1g\u2026<\/em><\/strong><!--more--><\/p>\r\n<p style=\"text-align: justify\"><a href=\"https:\/\/lelekmozaikok.cafeblog.hu\/files\/2015\/01\/fairy4.jpg\"><img class=\"aligncenter size-full wp-image-2770\" src=\"https:\/\/lelekmozaikok.cafeblog.hu\/files\/2015\/01\/fairy4.jpg\" alt=\"fairy4\" width=\"500\" height=\"421\" \/><\/a><\/p>\r\n<p style=\"text-align: justify\"><em>El akartam menek\u00fclni a Sorsom el\u0151l. A Te utadon j\u00e1rtam. K\u00f6nnyebbnek t\u0171nt, boldogabbnak \u00e9s teljesebbnek. Nem tudtam \u00f6sszehasonl\u00edtani semmivel. Most viszont\u2026 Sik\u00edtan\u00e9k, ord\u00edtan\u00e9k, hogy v\u00e9gre meghalld: teljess\u00e9 v\u00e1ltam n\u00e9lk\u00fcled. Sosem volt ennyire j\u00f3, mint most! Mert megtal\u00e1ltam mindazt, amir\u0151l eddig azt hittem, hogy benned rejt\u0151zik, enn\u00e9l pedig nem l\u00e9tezhet nagyobb szabads\u00e1g! Felszabad\u00edtalak. \u00c9s ezzel felszabad\u00edtom saj\u00e1t magam is. <\/em><\/p>\r\n<p style=\"text-align: justify\">Am\u00edg ezt nem tapasztalod, fogalmad nincs, mennyire j\u00f3 tud lenni. \u00c9lsz valamiben, amit j\u00f3nak v\u00e9lsz, boldog vagy, \u00e9s el sem tudod k\u00e9pzelni, hogy lehet m\u00e9g enn\u00e9l is jobb, m\u00e9g enn\u00e9l is t\u00f6bb.<\/p>\r\n<p style=\"text-align: justify\"><em>Mert a vil\u00e1g t\u00f6bb ann\u00e1l, mint amit Te mutatt\u00e1l nekem. A vil\u00e1g hat\u00e1rtalan, \u00e9s a lehet\u0151s\u00e9gek korl\u00e1tlanok. \u00c9s a csod\u00e1k csak most kezd\u0151dtek. Csod\u00e1k? Nem! Kik\u00f6vezett \u00faton j\u00e1rok. Csoda az, amire nem sz\u00e1m\u00edtunk, ami v\u00e1ratlanul \u00e9s v\u00e1rakoz\u00e1sainkon t\u00fal tal\u00e1l meg minket.<\/em><\/p>\r\n<p style=\"text-align: justify\"><a href=\"https:\/\/lelekmozaikok.cafeblog.hu\/files\/2015\/01\/going-home.jpg\"><img class=\"aligncenter size-large wp-image-2771\" src=\"https:\/\/lelekmozaikok.cafeblog.hu\/files\/2015\/01\/going-home-600x437.jpg\" alt=\"going-home\" width=\"600\" height=\"437\" \/><\/a><\/p>\r\n<p style=\"text-align: justify\"><strong><em>Ki vagyok \u00e9n, hogy megakad\u00e1lyozzalak szabad akaratodban? Ki vagyok \u00e9n, hogy fel\u00fcl\u00edrjam a karm\u00e1d? Ki vagyok \u00e9n, hogy a megment\u0151 szerep\u00e9ben tetszelegjek? <\/em><\/strong><\/p>\r\n<p style=\"text-align: justify\"><em>Oly sok mindent meg\u00e9rtettem, \u00e9s mindez a meg\u00e9rt\u00e9s hozz\u00e1seg\u00edtett ahhoz, hogy a s\u00falyokat, amit a Sorssal, a v\u00e1llal\u00e1sainkkal egy\u00fctt a v\u00e1llamra pakolt\u00e1l, v\u00e9gre letehessem. Olyan h\u00e1l\u00e1s vagyok Neked! De \u00fagy f\u00e9ltelek! M\u00e9gis\u2026 elengedlek\u2026<\/em><\/p>\r\n<p style=\"text-align: justify\"><em>Oly\u2019 sokszor elengedtelek m\u00e1r, m\u00e9gis mindig itt maradt\u00e1l velem. \u00c9s van a lelkemnek egy rejtett r\u00e9sze, ahol \u00f6r\u00f6kre ott maradsz. Azt hiszem, ezt most elfogadtam. Ott ragadt\u00e1l az eml\u00e9kek sz\u00ednes polc\u00e1n, a nevet\u00e9s \u00e9s boldogs\u00e1g pillanatai k\u00f6z\u00f6tt, az \u00e9lm\u00e9nyekkel, tanul\u00e1ssal \u00e9s azzal a Szeretet \u00e9lm\u00e9nnyel, amit kor\u00e1bban sosem tapasztaltam. <\/em><\/p>\r\n<p style=\"text-align: justify\"><em>A megk\u00f6nnyebb\u00fcl\u00e9s \u00e9rz\u00e9se m\u00e9gis fel\u00fcl\u00edrja az eml\u00e9keket. Eddig sosem siker\u00fclt, most viszont azt hiszem, \u00e1tbillent a m\u00e9rleg. Valami \u00e1tkattant bennem. <\/em><\/p>\r\n<p style=\"text-align: justify\"><strong><em>Sosem felejtelek el\u2026 de mennem kell tov\u00e1bb\u2026 N\u00e9lk\u00fcled\u2026 Mert \u00edgy d\u00f6nt\u00f6tt\u00e9l\u2026 El\u0151sz\u00f6r Te\u2026 Most pedig \u00c9n!<\/em><\/strong><\/p>\r\n<p style=\"text-align: justify\">\u00c9s ha ezt most nem \u00edrom meg a nagyvil\u00e1gnak, akkor tal\u00e1n sosem engedlek el\u2026 \u00dagyhogy sz\u00e1lljon a sz\u00f3 \u00e9s sz\u00e1radjon fel minden k\u00f6nny, ami valaha is \u00c9rted hullott\u2026.<\/p>\r\n<p style=\"text-align: justify\"><strong>Szerz\u0151: \u00c1brah\u00e1m-H\u00f6r\u00f6mp\u0151 Andrea \u2013 L\u00e9lekmozaikok<\/strong><\/p>\r\n<p style=\"text-align: justify\"><strong>Ha szeretn\u00e9l m\u00e9lyebb \u00f6nismeretet \u00e9s felismer\u00e9seket a saj\u00e1t \u00e9leted vonatkoz\u00e1s\u00e1ban,<\/strong> <strong>olvasd el a L\u00e9lekmozaikok c\u00edm\u0171 k\u00f6nyvemet<\/strong>, amit megrendelhetsz itt: <strong><a href=\"http:\/\/goo.gl\/forms\/cUJfxfyrkT\">L\u00e9lekmozaikok k\u00f6nyvrendel\u00e9s <\/a><\/strong><\/p>\r\n<p style=\"text-align: justify\"><strong>Ha szeretn\u00e9l jelentkezni az Elenged\u00e9s a gyakorlatban workshopra, kattints ide: <a href=\"http:\/\/goo.gl\/forms\/pKtnV6FRXE\" target=\"_blank\">Jelentkez\u00e9s<\/a><\/strong><\/p>\r\n<p style=\"text-align: justify\"><strong>Keresd a lelkedhez sz\u00f3l\u00f3 napi gondolatokat a\u00a0<\/strong><a href=\"https:\/\/www.facebook.com\/Lelekmozaikok\"><strong>L\u00e9lekmozaikok Facebook oldal\u00e1n<\/strong><\/a><strong>\u00a0is.<\/strong><\/p>\r\n<p><iframe src=\"\/\/www.youtube.com\/embed\/5GpG9hn1QKw\" width=\"560\" height=\"315\" frameborder=\"0\"><\/iframe><\/p>","type":"rich","thumbnail_url":"https:\/\/lelekmozaikok.cafeblog.hu\/files\/2015\/01\/fairy4-150x150.jpg","thumbnail_width":150,"thumbnail_height":150}