{"version":"1.0","provider_name":"L\u00e9lekmozaikok","provider_url":"https:\/\/lelekmozaikok.cafeblog.hu","author_name":"dr.H\u00f6r\u00f6mp\u0151 Andrea","author_url":"https:\/\/lelekmozaikok.cafeblog.hu\/author\/dr-horompogmail-com\/","title":"Lelk\u00fcnk Achilles sarka","html":"<p style=\"text-align: justify\"><strong>Mindny\u00e1junk lelk\u00e9nek van egy olyan \u00e9rz\u00e9keny ter\u00fclete, ahol a legsebezhet\u0151bbek vagyunk. Van, akin\u00e9l ez a mag\u00e1n\u00e9let ter\u00fclete: a kapcsolatok, k\u00fcl\u00f6n\u00f6sen a p\u00e1rkapcsolat, a gyermekv\u00e1r\u00e1s, gyermeknevel\u00e9s, m\u00edg m\u00e1sokn\u00e1l az eg\u00e9szs\u00e9g, \u00e9s vannak olyanok is, akiknek a munka, p\u00e9nz\u00fcgyek ter\u00fclet\u00e9n nyilv\u00e1nul meg. Ha megfigyelted, legt\u00f6bbsz\u00f6r a pr\u00f3b\u00e1inkat is ezen a ter\u00fcleten kapjuk.<\/strong><\/p>\r\n<p style=\"text-align: justify\"><!--more--><a href=\"https:\/\/lelekmozaikok.cafeblog.hu\/files\/2014\/08\/prayer-on-my-knees4.jpg\"><img class=\"aligncenter size-large wp-image-1942\" src=\"https:\/\/lelekmozaikok.cafeblog.hu\/files\/2014\/08\/prayer-on-my-knees4-600x398.jpg\" alt=\"prayer-on-my-knees4\" width=\"600\" height=\"398\" \/><\/a><\/p>\r\n<p style=\"text-align: justify\">Ha \u0151szint\u00e9n lelkedbe n\u00e9zel, tudod, hogy a Te \u00e9letedben melyik ez a ter\u00fclet. A legt\u00f6bb feladatod, helyzeted, neh\u00e9zs\u00e9ged \u00e9letednek ezen a ter\u00fclet\u00e9n jelenik meg. El\u0151sz\u00f6r csak egy apr\u00f3s\u00e1gban bukkan fel. Els\u0151re tal\u00e1n \u00e9szre sem veszed. Nem tartod fontosnak, vagy a j\u00f3l ber\u00f6gz\u00fclt automatizmusokkal megoldod. Vagy a sz\u0151nyeg al\u00e1 s\u00f6pr\u00f6d.<\/p>\r\n<p style=\"text-align: justify\">Kis id\u0151 m\u00falva ism\u00e9t felbukkan, lehet, hogy \u00e1lruh\u00e1ban: egy k\u00f6zeli hozz\u00e1tartoz\u00f3d, bar\u00e1tod, bar\u00e1tn\u0151d, munkat\u00e1rsad vagy f\u0151n\u00f6k\u00f6d \u00e1ltal. <strong>M\u00e9g ekkor is hajlamos lehetsz szem\u00e9lyesnek venni az \u00fcgyet, \u00e9s \u00e9rz\u00e9seidet a m\u00e1sik szem\u00e9lyre vet\u00edteni ki. Nem veszed \u00e9szre a feladatban a lehet\u0151s\u00e9get. Ehhez igen nagyfok\u00fa tudatoss\u00e1g kell, azonban az eg\u00f3d hajlamos lehet a k\u00f6nnyebb ir\u00e1nyba elt\u00e9r\u00edteni.<\/strong><\/p>\r\n<p style=\"text-align: justify\">Az eg\u00f3d hangja megnyilv\u00e1nulhat d\u00fch, f\u00e9lelem, frusztr\u00e1lts\u00e1g \u00e9s b\u00fcszkes\u00e9g \u00e1ltal is. Az elm\u00e9d zakatol, legsz\u00edvesebben ord\u00edtan\u00e1l, kikeln\u00e9l magadb\u00f3l, vern\u00e9d az asztalt az igazs\u00e1got k\u00f6vetelve, mert nem \u00e9rted mi\u00e9rt kapod. Vigy\u00e1zz azonban az igazs\u00e1ggal, mert az \u00e1tlagember szintj\u00e9n nincs enn\u00e9l szubjekt\u00edvebb sz\u00f3. <strong>Az \u00e9n igazs\u00e1gom nem egyezik a te igazs\u00e1goddal, hiszen mindny\u00e1junkn\u00e1l m\u00e1shol van a mor\u00e1lis, erk\u00f6lcsi m\u00e9rce. Nem r\u00f3hatod fel m\u00e1snak azt, ha nem a te szem\u00fcvegeden kereszt\u00fcl, te szintedr\u0151l n\u00e9zi a vil\u00e1got. Ezt csak az eg\u00f3d teszi, aki bizony nehezen szembes\u00fcl azzal, hogy tudatosod\u00e1sod eredm\u00e9nyek\u00e9nt egyre kevesebb szerepet sz\u00e1nsz neki az \u00e9letedben.<\/strong><\/p>\r\n<p style=\"text-align: justify\">Hajlamosak vagyunk \u00f6sszehasonl\u00edt\u00e1sokkal \u00e9lni, a befel\u00e9 tekint\u00e9s helyett a k\u00fclvil\u00e1gba helyezni a f\u00f3kuszt. Ezen bel\u00fcl is legt\u00f6bbsz\u00f6r azt vessz\u00fck \u00e9szre, ami a mi \u00e9let\u00fcnkb\u0151l hi\u00e1nyzik, m\u00e1snak pedig megvan. <strong>Ne hib\u00e1ztasd a k\u00fclvil\u00e1got, ami csak \u00fczenetet hordoz.<\/strong> A szomsz\u00e9d, a munkat\u00e1rs, a csal\u00e1dtag, vagy b\u00e1rki m\u00e1s \u00e1ltal megnyilv\u00e1nult kontraszt, ami felbukkan az \u00e9letedben, az val\u00f3j\u00e1ban \u00e9leted legnagyobb lehet\u0151s\u00e9ge a fejl\u0151d\u00e9sed \u00e9rdek\u00e9ben.<\/p>\r\n<p style=\"text-align: justify\">Az eg\u00f3d azonban, mint a kis\u00f6rd\u00f6g a v\u00e1lladon, nem hagyja abba a fecseg\u00e9st, \u00e9s minden\u00e1ron csak a k\u00fcl\u00f6nbs\u00e9get hangs\u00falyozza. Neki megvan az, ami neked nincs. Biztos? Ilyenkor c\u00e9lszer\u0171 a teljes k\u00e9pet megfigyelni, hogy elm\u00e9dben lecsillapodjon a frusztr\u00e1lts\u00e1ggal vegyes d\u00fch, \u00e9s meghalld a val\u00f3di IGAZS\u00c1G hangj\u00e1t.<\/p>\r\n<p style=\"text-align: justify\"><a href=\"https:\/\/lelekmozaikok.cafeblog.hu\/files\/2014\/08\/lighthouse3.jpg\"><img class=\"aligncenter size-large wp-image-1941\" src=\"https:\/\/lelekmozaikok.cafeblog.hu\/files\/2014\/08\/lighthouse3-600x336.jpg\" alt=\"lighthouse3\" width=\"600\" height=\"336\" \/><\/a><\/p>\r\n<p style=\"text-align: justify\"><strong>L\u00e1sd ilyenkor a teljes k\u00e9pet. L\u00e9pj h\u00e1tra, tekints \u00e9letedre egy nagyobb perspekt\u00edv\u00e1b\u00f3l. Ne csak Lelked Achilles sark\u00e1t l\u00e1sd, ahol a pr\u00f3b\u00e1k \u00e9rnek, hanem \u00e9leted teljess\u00e9g\u00e9t. Ne csak azt l\u00e1sd, mi\u00e9rt vagy beteg, mi\u00e9rt nincs p\u00e1rod, mi\u00e9rt nincs el\u00e9g p\u00e9nzed. Ez az a ter\u00fclet, ami \u00e1ltal lelked a fejl\u0151d\u00e9s \u00fatj\u00e1n kiteljesedik. A k\u00fclvil\u00e1g csak t\u00fckr\u00f6t tart, \u00e9s az \u00c9let \u00e1ltaluk tan\u00edt. Csak arra a k\u00e9rd\u00e9sre felelj magadnak \u0151szint\u00e9n, a teljes spektrumra tekintve: CSER\u00c9LN\u00c9L VELE?<\/strong><\/p>\r\n<p style=\"text-align: justify\">Ez a k\u00e9rd\u00e9s megh\u00f6kkenti az eg\u00f3t, \u00e9s v\u00e9g\u00fcl sz\u00f3hoz jut a lelked is. Mert a lelked t\u00fcrelmesen kiv\u00e1r. Megv\u00e1rja, am\u00edg sz\u00f3hoz jut, hogy sz\u00edved \u00fczenet\u00e9t \u00e1tadva megnyugtasson. Mert ha a fenti k\u00e9rd\u00e9sre az \u0151szinte v\u00e1laszod NEM, azzal egyszer\u0171en fityiszt mutatsz az eg\u00f3dnak, \u00e9s a negat\u00edv \u00e9rz\u00e9sek elenged\u00e9se m\u00e1r k\u00f6nnyebb\u00e9 v\u00e1lik. Elszakadnak azok a k\u00f6tel\u00e9kek, amelyek az eg\u00f3dhoz k\u00f6tnek, \u00e9s lelked \u00f6r\u00fcl, hiszen v\u00e9gre ism\u00e9t l\u00e1tod az \u0151 csod\u00e1s, soksz\u00edn\u0171, \u00e9rt\u00e9kes \u00e9s szeretettel teli mezej\u00e9t, a teljes sz\u00ednsk\u00e1l\u00e1t \u00c9leted spektrum\u00e1n. A pr\u00f3b\u00e1t ki\u00e1lltad, \u00e9s mikor ez tudatosul: h\u00e1l\u00e1s leszel annak, aki \u00e1ltal ez a siker megval\u00f3sult.<\/p>\r\n<p style=\"text-align: justify\"><strong>Sz\u00e1m\u00edts ilyen pr\u00f3b\u00e1kra, k\u00fcl\u00f6n\u00f6sen ha az elfogad\u00e1s, a felt\u00e9tel n\u00e9lk\u00fcli szeretet \u00e9s a b\u00e9ke magas tudatszintjeinek el\u00e9r\u00e9se el\u0151tt \u00e1llsz. Term\u00e9szetes r\u00e9sze ez a fejl\u0151d\u00e9sednek, \u00e9s hiszem azt, hogy ha felk\u00e9sz\u00fclten v\u00e1rod, tudatosabban \u00e9led meg, \u00e9s r\u00f6videbb id\u0151 alatt, k\u00f6nnyebben jutsz el a meg\u00e9rt\u00e9sig, az elfogad\u00e1sig, a felt\u00e9tel n\u00e9lk\u00fcli szeretetig \u00e9s az \u00d6nmagadban meglelt, k\u00fclvil\u00e1g t\u00f6rt\u00e9n\u00e9seit\u0151l f\u00fcggetlen b\u00e9k\u00e9ig\u2026<\/strong><\/p>\r\n\u00a0<iframe src=\"\/\/www.youtube.com\/embed\/lx0dhl3k4hE\" width=\"560\" height=\"315\" frameborder=\"0\"><\/iframe>\r\n<p style=\"text-align: justify\"><strong>Szerz\u0151: \u00c1brah\u00e1m-H\u00f6r\u00f6mp\u0151 Andrea \u2013 L\u00e9lekmozaikok <\/strong><\/p>\r\n<p style=\"text-align: justify\"><strong>Keresd a lelkedhez sz\u00f3l\u00f3 napi gondolatokat a\u00a0<a href=\"https:\/\/www.facebook.com\/Lelekmozaikok\" target=\"_blank\">L\u00e9lekmozaikok Facebook oldal\u00e1n<\/a>\u00a0is.<\/strong><\/p>","type":"rich","thumbnail_url":"https:\/\/lelekmozaikok.cafeblog.hu\/files\/2014\/08\/prayer-on-my-knees4-150x150.jpg","thumbnail_width":150,"thumbnail_height":150}